{"id":33,"date":"2022-09-19T11:04:34","date_gmt":"2022-09-19T11:04:34","guid":{"rendered":"https:\/\/masvalenti1511.com\/?page_id=33"},"modified":"2023-12-22T14:32:49","modified_gmt":"2023-12-22T14:32:49","slug":"politica-de-cookies","status":"publish","type":"page","link":"https:\/\/masvalenti1511.com\/cat\/politica-de-cookies\/","title":{"rendered":"Pol\u00edtica de cookies"},"content":{"rendered":"\t\t<div data-elementor-type=\"wp-page\" data-elementor-id=\"33\" class=\"elementor elementor-33\" data-elementor-post-type=\"page\">\n\t\t\t\t<div class=\"elementor-element elementor-element-5f8bdb8 e-flex e-con-boxed e-con e-parent\" data-id=\"5f8bdb8\" data-element_type=\"container\" data-e-type=\"container\">\n\t\t\t\t\t<div class=\"e-con-inner\">\n\t\t\t\t<div class=\"elementor-element elementor-element-29d2645 elementor-widget elementor-widget-text-editor\" data-id=\"29d2645\" data-element_type=\"widget\" data-e-type=\"widget\" data-widget_type=\"text-editor.default\">\n\t\t\t\t<div class=\"elementor-widget-container\">\n\t\t\t\t\t\t\t\t\t<h1 class=\"m-auto\">POL\u00cdTICA DE COOKIES<\/h1><p>L&#8217;acc\u00e9s a aquest Lloc Web pot implicar la utilitzaci\u00f3 de galetes. Les galetes s\u00f3n petites quantitats d&#8217;informaci\u00f3 que s&#8217;emmagatzemen al navegador utilitzat per cada Usuari -en els diferents dispositius que pugui utilitzar per navegar- perqu\u00e8 el servidor recordi certa informaci\u00f3 que posteriorment i \u00fanicament el servidor que la va implementar llegir\u00e0. Les galetes faciliten la navegaci\u00f3, la fan m\u00e9s amigable, i no fan malb\u00e9 el dispositiu de navegaci\u00f3.<\/p><p>Les cookies s\u00f3n procediments autom\u00e0tics de recollida d&#8217;informaci\u00f3 relativa a les prefer\u00e8ncies determinades per l&#8217;Usuari durant la visita al Lloc Web per tal de recon\u00e8ixer-lo com a Usuari, i personalitzar la seva experi\u00e8ncia i l&#8217;\u00fas del Lloc Web, i poden tamb\u00e9, per exemple, ajudar a identificar i resoldre errors.<\/p><p>La informaci\u00f3 recollida a trav\u00e9s de les galetes pot incloure la data i hora de visites al Lloc Web, les p\u00e0gines visionades, el temps que ha estat al Lloc Web i els llocs visitats just abans i despr\u00e9s. Tot i aix\u00f2, cap galeta permet que aquesta mateixa pugui contactar amb el n\u00famero de tel\u00e8fon de l&#8217;Usuari o amb qualsevol altre mitj\u00e0 de contacte personal. Cap galeta no pot extreure informaci\u00f3 del disc dur de l&#8217;Usuari o robar informaci\u00f3 personal. L&#8217;\u00fanica manera que la informaci\u00f3 privada de l&#8217;Usuari formi part del fitxer Cookie \u00e9s que l&#8217;usuari doni personalment aquesta informaci\u00f3 al servidor.<\/p><p><span class=\"HwtZe\" lang=\"ca\"><span class=\"jCAhz ChMk0b\"><span class=\"ryNqvb\">Les galetes que permeten identificar una persona es consideren dades personals.<\/span><\/span> <span class=\"jCAhz ChMk0b\"><span class=\"ryNqvb\">Per tant, a les mateixes els ser\u00e0 aplicable la Pol\u00edtica de Privadesa anteriorment descrita.<\/span><\/span> <span class=\"jCAhz ChMk0b\"><span class=\"ryNqvb\">En aquest sentit, per utilitzar-les ser\u00e0 necessari el consentiment de l&#8217;Usuari.<\/span><\/span> <span class=\"jCAhz ChMk0b\"><span class=\"ryNqvb\">Aquest consentiment ser\u00e0 comunicat, en base a una elecci\u00f3 aut\u00e8ntica, ofert mitjan\u00e7ant una decisi\u00f3 afirmativa i positiva, abans del tractament inicial, removible i documentat.<\/span><\/span><\/span><\/p><h4><span class=\"HwtZe\" lang=\"ca\"><span class=\"jCAhz ChMk0b\"><span class=\"ryNqvb\">Cookies emprades<\/span><\/span><\/span><\/h4><table style=\"text-align: left;\"><thead><tr><th>Cookie<\/th><th>Propiedad<\/th><th>Tipo<\/th><th>Duraci\u00f3n<\/th><th>Descripci\u00f3n<\/th><\/tr><\/thead><tbody><tr><th><label>cookielawinfo-checkbox-functional <\/label><\/th><td>Sitio web<\/td><td>Necesarias<\/td><td>11 meses<\/td><td>Esta cookie es establecida por el plugin GDPR Cookie Consent. La cookie se utiliza para almacenar el consentimiento del usuario para las cookies de la categor\u00eda &#8220;Funcional&#8221;.<\/td><\/tr><tr><th><label>cookielawinfo-checkbox-analytics <\/label><\/th><td>Sitio web<\/td><td>Necesarias<\/td><td>11 meses<\/td><td>Esta cookie es establecida por el plugin GDPR Cookie Consent. La cookie se utiliza para almacenar el consentimiento del usuario para las cookies de la categor\u00eda &#8220;Analytics&#8221;.<\/td><\/tr><tr><th><label>cookielawinfo-checkbox-necessary <\/label><\/th><td>Sitio web<\/td><td>Necesarias<\/td><td>11 meses<\/td><td>Esta cookie es establecida por el plugin GDPR Cookie Consent. Las cookies se utilizan para almacenar el consentimiento del usuario para las cookies en la categor\u00eda &#8220;Necesario&#8221;.<\/td><\/tr><tr><th><label>viewed_cookie_policy <\/label><\/th><td>Sitio web<\/td><td>Necesarias<\/td><td>11 meses<\/td><td>La cookie es establecida por el plugin GDPR Cookie Consent y se utiliza para almacenar si el usuario ha consentido o no el uso de cookies. No almacena ning\u00fan dato personal.<\/td><\/tr><tr><th><label>_GRECAPTCHA <\/label><\/th><td>Sitio web<\/td><td>Necesarias<\/td><td>6 meses<\/td><td>Google Recaptcha. Utilizada por el servicio GOOGLE RECAPTCHA en los formularios para evitar SPAM.<\/td><\/tr><tr><th><label>_ga <\/label><\/th><td>De terceros<\/td><td>Anal\u00edticas<\/td><td>2 a\u00f1os<\/td><td>Google Analytics. Se usa para distinguir a los usuarios.<\/td><\/tr><tr><th><label>_gid <\/label><\/th><td>De terceros<\/td><td>Anal\u00edticas<\/td><td>24 horas<\/td><td>Google Analytics. Se usa para distinguir a los usuarios.<\/td><\/tr><tr><th><label>_fbp <\/label><\/th><td>De terceros<\/td><td>Funcionales<\/td><td>90 d\u00edas<\/td><td>Facebook P\u00edxel. Identifica los navegadores para proporcionar servicios publicitarios y de an\u00e1lisis de sitios web<\/td><\/tr><\/tbody><\/table><h4><span class=\"HwtZe\" lang=\"ca\"><span class=\"jCAhz ChMk0b\"><span class=\"ryNqvb\">Cookies pr\u00f2pies<\/span><\/span><\/span><\/h4><p><span class=\"HwtZe\" lang=\"ca\"><span class=\"jCAhz ChMk0b\"><span class=\"ryNqvb\">S\u00f3n aquelles galetes que s\u00f3n enviades a l&#8217;ordinador o dispositiu de l&#8217;Usuari i gestionades exclusivament per<\/span><\/span><\/span> <span class=\"blanc-space ng-binding\">Mas Valenti 1511<\/span> <span class=\"HwtZe\" lang=\"ca\"><span class=\"jCAhz ChMk0b\"><span class=\"ryNqvb\">per al millor funcionament del Lloc Web.<\/span><\/span> <span class=\"jCAhz ChMk0b\"><span class=\"ryNqvb\">La informaci\u00f3 que es recull s&#8217;empra per millorar la qualitat del Lloc Web i el seu Contingut i la seva experi\u00e8ncia com a Usuari.<\/span><\/span> <span class=\"jCAhz ChMk0b\"><span class=\"ryNqvb\">Aquestes cookies permeten recon\u00e8ixer l&#8217;Usuari com a visitant recurrent del Lloc Web i adaptar el contingut per oferir continguts que s&#8217;ajustin a les seves prefer\u00e8ncies.<\/span><\/span><\/span><\/p><p>[cookie_audit]<\/p><h4><span class=\"HwtZe\" lang=\"ca\"><span class=\"jCAhz ChMk0b\"><span class=\"ryNqvb\">Galetes de tercers<\/span><\/span><\/span><\/h4><p><span class=\"HwtZe\" lang=\"ca\"><span class=\"jCAhz ChMk0b\"><span class=\"ryNqvb\">S\u00f3n cookies utilitzades i gestionades per entitats externes que proporcionen<\/span><\/span><\/span> <span class=\"blanc-space ng-binding\">Mas Valenti 1511 <\/span>serveis sol\u00b7licitats per aquest mateix per millorar el Lloc Web i l&#8217;experi\u00e8ncia de l&#8217;usuari en navegar al Lloc Web. Els objectius principals per als quals s&#8217;utilitzen galetes de tercers s\u00f3n l&#8217;obtenci\u00f3 d&#8217;estad\u00edstiques d&#8217;accessos i analitzar la informaci\u00f3 de la navegaci\u00f3, \u00e9s a dir, com interactua l&#8217;Usuari amb el Lloc Web.<\/p><p>La informaci\u00f3 que s&#8217;obt\u00e9 es refereix, per exemple, al nombre de p\u00e0gines visitades, l&#8217;idioma, el lloc on l&#8217;adre\u00e7a IP des del qual accedeix l&#8217;Usuari, el nombre d&#8217;Usuaris que hi accedeixen, la freq\u00fc\u00e8ncia i la reincid\u00e8ncia de les visites, el temps de visita, el navegador que usen, l&#8217;operador o tipus de dispositiu des del qual es fa la visita. Aquesta informaci\u00f3 es fa servir per millorar el Lloc Web, i detectar noves necessitats per oferir als Usuaris un Contingut i\/o servei d&#8217;\u00f2ptima qualitat. En tot cas, la informaci\u00f3 es recopila de forma an\u00f2nima i s&#8217;elaboren informes de tend\u00e8ncies del Lloc Web sense identificar usuaris individuals.<\/p><p>Podeu obtenir m\u00e9s informaci\u00f3 sobre les galetes, la informaci\u00f3 sobre la privadesa, o consultar la descripci\u00f3 del tipus de galetes que s&#8217;utilitza, les seves principals caracter\u00edstiques, per\u00edode d&#8217;expiraci\u00f3, etc. en el seg\u00fcent(s) enlla\u00e7(s):<\/p><p>Google Analytics: https:\/\/developers.google.com\/analytics\/<\/p><p><span class=\"HwtZe\" lang=\"ca\"><span class=\"jCAhz ChMk0b\"><span class=\"ryNqvb\">L&#8217;entitat(s) encarregada(es) del subministrament de cookies podr\u00e0(n) cedir aquesta informaci\u00f3 a tercers, sempre que ho exigeixi la llei o sigui un tercer el que processi aquesta informaci\u00f3 per a aquestes entitats.<\/span><\/span><\/span><\/p><h4><span class=\"HwtZe\" lang=\"ca\"><span class=\"jCAhz ChMk0b\"><span class=\"ryNqvb\">Galetes de xarxes socials<\/span><\/span><\/span><\/h4><p><b>Mas Valenti 1511<\/b> <span class=\"HwtZe\" lang=\"ca\"><span class=\"jCAhz ChMk0b\"><span class=\"ryNqvb\">incorpora plugins de xarxes socials, que permeten accedir-hi a partir del Lloc Web.<\/span><\/span> <span class=\"jCAhz ChMk0b\"><span class=\"ryNqvb\">Per aquesta ra\u00f3, les galetes de xarxes socials es poden emmagatzemar al navegador de l&#8217;Usuari.<\/span><\/span> <span class=\"jCAhz ChMk0b\"><span class=\"ryNqvb\">Els titulars de les xarxes socials esmentades disposen de les seves pr\u00f2pies pol\u00edtiques de protecci\u00f3 de dades i de cookies, sent ells mateixos, en cada cas, responsables dels seus propis fitxers i de les seves pr\u00f2pies pr\u00e0ctiques de privadesa.<\/span><\/span> <span class=\"jCAhz ChMk0b\"><span class=\"ryNqvb\">L&#8217;Usuari ha de referir-s&#8217;hi per informar-se sobre aquestes galetes i, si escau, del tractament de les seves dades personals.<\/span><\/span> <span class=\"jCAhz ChMk0b\"><span class=\"ryNqvb\">\u00danicament a t\u00edtol informatiu s&#8217;indiquen a continuaci\u00f3 els enlla\u00e7os en qu\u00e8 es poden consultar aquestes pol\u00edtiques de privadesa i\/o de cookies:<\/span><\/span><\/span><\/p><ul><li>Facebook: <a href=\"https:\/\/www.facebook.com\/policies\/cookies\/\">https:\/\/www.facebook.com\/policies\/cookies\/<\/a><\/li><li>Twitter: <a href=\"https:\/\/twitter.com\/es\/privacy\">https:\/\/twitter.com\/es\/privacy<\/a><\/li><li>Instagram: <a href=\"https:\/\/help.instagram.com\/1896641480634370?ref=ig\">https:\/\/help.instagram.com\/1896641480634370?ref=ig<\/a><\/li><li>YouTube: <a href=\"https:\/\/policies.google.com\/privacy?hl=es-419&amp;gl=mx\">https:\/\/policies.google.com\/privacy?hl=es-419&amp;gl=mx<\/a><\/li><li>Pinterest: <a href=\"https:\/\/policy.pinterest.com\/es\/privacy-policy\">https:\/\/policy.pinterest.com\/es\/privacy-policy<\/a><\/li><li>LinkedIn: <a href=\"https:\/\/www.linkedin.com\/legal\/cookie-policy?trk=hp-cookies\">https:\/\/www.linkedin.com\/legal\/cookie-policy?trk=hp-cookies<\/a><\/li><\/ul><h4><span class=\"HwtZe\" lang=\"ca\"><span class=\"jCAhz ChMk0b\"><span class=\"ryNqvb\">Deshabilitar, rebutjar i eliminar cookies<\/span><\/span><\/span><\/h4><p><span class=\"HwtZe\" lang=\"ca\"><span class=\"jCAhz ChMk0b\"><span class=\"ryNqvb\">L&#8217;Usuari pot deshabilitar, rebutjar i eliminar les cookies \u2014totalment o parcialment\u2014 instal\u00b7lades al dispositiu mitjan\u00e7ant la configuraci\u00f3 del vostre navegador (entre els quals es troben, per exemple, Chrome, Firefox, Safari, Explorer).<\/span><\/span> <span class=\"jCAhz ChMk0b\"><span class=\"ryNqvb\">En aquest sentit, els procediments per rebutjar i eliminar les galetes poden diferir d&#8217;un navegador d&#8217;Internet a un altre.<\/span><\/span> <span class=\"jCAhz ChMk0b\"><span class=\"ryNqvb\">En conseq\u00fc\u00e8ncia, l&#8217;Usuari ha d&#8217;acudir a les instruccions facilitades pel navegador d&#8217;Internet que utilitzi.<\/span><\/span> <span class=\"jCAhz ChMk0b\"><span class=\"ryNqvb\">En cas que rebutgi l&#8217;\u00fas de cookies \u2014totalment o parcialment\u2014 podr\u00e0 continuar usant el Lloc Web, si b\u00e9 podr\u00e0 tenir limitada la utilitzaci\u00f3 d&#8217;algunes de les prestacions del mateix.<\/span><\/span><\/span><\/p><p><span class=\"HwtZe\" lang=\"ca\"><span class=\"jCAhz ChMk0b\"><span class=\"ryNqvb\">Aquest document de Pol\u00edtica de Cookies ha estat creat mitjan\u00e7ant el generador de<\/span><\/span><\/span> <a class=\"text-body text-decoration-none\" href=\"https:\/\/textos-legales.edgartamarit.com\/\">plantilla de pol\u00edtica de cookies<\/a> <span class=\"HwtZe\" lang=\"ca\"><span class=\"jCAhz ChMk0b\"><span class=\"ryNqvb\">en l\u00ednia el dia<\/span><\/span><\/span> 16\/09\/2022.<\/p>\t\t\t\t\t\t\t\t<\/div>\n\t\t\t\t<\/div>\n\t\t\t\t\t<\/div>\n\t\t\t\t<\/div>\n\t\t\t\t<\/div>\n\t\t","protected":false},"excerpt":{"rendered":"<p>POL\u00cdTICA DE COOKIES L&#8217;acc\u00e9s a aquest Lloc Web pot implicar la utilitzaci\u00f3 de galetes. Les galetes s\u00f3n petites quantitats d&#8217;informaci\u00f3 que s&#8217;emmagatzemen al navegador utilitzat per cada Usuari -en els diferents dispositius que pugui utilitzar per navegar- perqu\u00e8 el servidor recordi certa informaci\u00f3 que posteriorment i \u00fanicament el servidor que la va implementar llegir\u00e0. Les [&hellip;]<\/p>\n","protected":false},"author":1,"featured_media":0,"parent":0,"menu_order":0,"comment_status":"closed","ping_status":"closed","template":"elementor_header_footer","meta":{"_acf_changed":false,"_joinchat":[],"footnotes":""},"class_list":["post-33","page","type-page","status-publish","hentry"],"acf":[],"yoast_head":"<!-- This site is optimized with the Yoast SEO plugin v27.5 - https:\/\/yoast.com\/product\/yoast-seo-wordpress\/ -->\n<title>Pol\u00edtica de cookies - Mas Valent\u00ed 1511 Catal\u00e1n<\/title>\n<meta name=\"robots\" content=\"noindex, nofollow\" \/>\n<meta property=\"og:locale\" content=\"ca_ES\" \/>\n<meta property=\"og:type\" content=\"article\" \/>\n<meta property=\"og:title\" content=\"Pol\u00edtica de cookies - Mas Valent\u00ed 1511 Catal\u00e1n\" \/>\n<meta property=\"og:description\" content=\"POL\u00cdTICA DE COOKIES L&#8217;acc\u00e9s a aquest Lloc Web pot implicar la utilitzaci\u00f3 de galetes. Les galetes s\u00f3n petites quantitats d&#8217;informaci\u00f3 que s&#8217;emmagatzemen al navegador utilitzat per cada Usuari -en els diferents dispositius que pugui utilitzar per navegar- perqu\u00e8 el servidor recordi certa informaci\u00f3 que posteriorment i \u00fanicament el servidor que la va implementar llegir\u00e0. Les [&hellip;]\" \/>\n<meta property=\"og:url\" content=\"https:\/\/masvalenti1511.com\/cat\/politica-de-cookies\/\" \/>\n<meta property=\"og:site_name\" content=\"Mas Valent\u00ed 1511 Catal\u00e1n\" \/>\n<meta property=\"article:modified_time\" content=\"2023-12-22T14:32:49+00:00\" \/>\n<meta name=\"twitter:card\" content=\"summary_large_image\" \/>\n<meta name=\"twitter:label1\" content=\"Temps estimat de lectura\" \/>\n\t<meta name=\"twitter:data1\" content=\"5 minuts\" \/>\n<script type=\"application\/ld+json\" class=\"yoast-schema-graph\">{\"@context\":\"https:\\\/\\\/schema.org\",\"@graph\":[{\"@type\":\"WebPage\",\"@id\":\"https:\\\/\\\/masvalenti1511.com\\\/cat\\\/politica-de-cookies\\\/\",\"url\":\"https:\\\/\\\/masvalenti1511.com\\\/cat\\\/politica-de-cookies\\\/\",\"name\":\"Pol\u00edtica de cookies - Mas Valent\u00ed 1511 Catal\u00e1n\",\"isPartOf\":{\"@id\":\"https:\\\/\\\/masvalenti1511.com\\\/cat\\\/#website\"},\"datePublished\":\"2022-09-19T11:04:34+00:00\",\"dateModified\":\"2023-12-22T14:32:49+00:00\",\"breadcrumb\":{\"@id\":\"https:\\\/\\\/masvalenti1511.com\\\/cat\\\/politica-de-cookies\\\/#breadcrumb\"},\"inLanguage\":\"ca\",\"potentialAction\":[{\"@type\":\"ReadAction\",\"target\":[\"https:\\\/\\\/masvalenti1511.com\\\/cat\\\/politica-de-cookies\\\/\"]}]},{\"@type\":\"BreadcrumbList\",\"@id\":\"https:\\\/\\\/masvalenti1511.com\\\/cat\\\/politica-de-cookies\\\/#breadcrumb\",\"itemListElement\":[{\"@type\":\"ListItem\",\"position\":1,\"name\":\"Portada\",\"item\":\"https:\\\/\\\/masvalenti1511.com\\\/cat\\\/\"},{\"@type\":\"ListItem\",\"position\":2,\"name\":\"Pol\u00edtica de cookies\"}]},{\"@type\":\"WebSite\",\"@id\":\"https:\\\/\\\/masvalenti1511.com\\\/cat\\\/#website\",\"url\":\"https:\\\/\\\/masvalenti1511.com\\\/cat\\\/\",\"name\":\"Mas Valent\u00ed 1511 Catal\u00e1n\",\"description\":\"Mas Valent\u00ed - Costa Brava\",\"publisher\":{\"@id\":\"https:\\\/\\\/masvalenti1511.com\\\/cat\\\/#organization\"},\"potentialAction\":[{\"@type\":\"SearchAction\",\"target\":{\"@type\":\"EntryPoint\",\"urlTemplate\":\"https:\\\/\\\/masvalenti1511.com\\\/cat\\\/?s={search_term_string}\"},\"query-input\":{\"@type\":\"PropertyValueSpecification\",\"valueRequired\":true,\"valueName\":\"search_term_string\"}}],\"inLanguage\":\"ca\"},{\"@type\":\"Organization\",\"@id\":\"https:\\\/\\\/masvalenti1511.com\\\/cat\\\/#organization\",\"name\":\"Mas Valent\u00ed 1511 Catal\u00e1n\",\"url\":\"https:\\\/\\\/masvalenti1511.com\\\/cat\\\/\",\"logo\":{\"@type\":\"ImageObject\",\"inLanguage\":\"ca\",\"@id\":\"https:\\\/\\\/masvalenti1511.com\\\/cat\\\/#\\\/schema\\\/logo\\\/image\\\/\",\"url\":\"https:\\\/\\\/masvalenti1511.com\\\/cat\\\/wp-content\\\/uploads\\\/sites\\\/2\\\/cropped-Logo1_MV1511_web.png\",\"contentUrl\":\"https:\\\/\\\/masvalenti1511.com\\\/cat\\\/wp-content\\\/uploads\\\/sites\\\/2\\\/cropped-Logo1_MV1511_web.png\",\"width\":150,\"height\":150,\"caption\":\"Mas Valent\u00ed 1511 Catal\u00e1n\"},\"image\":{\"@id\":\"https:\\\/\\\/masvalenti1511.com\\\/cat\\\/#\\\/schema\\\/logo\\\/image\\\/\"}}]}<\/script>\n<!-- \/ Yoast SEO plugin. -->","yoast_head_json":{"title":"Pol\u00edtica de cookies - Mas Valent\u00ed 1511 Catal\u00e1n","robots":{"index":"noindex","follow":"nofollow"},"og_locale":"ca_ES","og_type":"article","og_title":"Pol\u00edtica de cookies - Mas Valent\u00ed 1511 Catal\u00e1n","og_description":"POL\u00cdTICA DE COOKIES L&#8217;acc\u00e9s a aquest Lloc Web pot implicar la utilitzaci\u00f3 de galetes. Les galetes s\u00f3n petites quantitats d&#8217;informaci\u00f3 que s&#8217;emmagatzemen al navegador utilitzat per cada Usuari -en els diferents dispositius que pugui utilitzar per navegar- perqu\u00e8 el servidor recordi certa informaci\u00f3 que posteriorment i \u00fanicament el servidor que la va implementar llegir\u00e0. Les [&hellip;]","og_url":"https:\/\/masvalenti1511.com\/cat\/politica-de-cookies\/","og_site_name":"Mas Valent\u00ed 1511 Catal\u00e1n","article_modified_time":"2023-12-22T14:32:49+00:00","twitter_card":"summary_large_image","twitter_misc":{"Temps estimat de lectura":"5 minuts"},"schema":{"@context":"https:\/\/schema.org","@graph":[{"@type":"WebPage","@id":"https:\/\/masvalenti1511.com\/cat\/politica-de-cookies\/","url":"https:\/\/masvalenti1511.com\/cat\/politica-de-cookies\/","name":"Pol\u00edtica de cookies - Mas Valent\u00ed 1511 Catal\u00e1n","isPartOf":{"@id":"https:\/\/masvalenti1511.com\/cat\/#website"},"datePublished":"2022-09-19T11:04:34+00:00","dateModified":"2023-12-22T14:32:49+00:00","breadcrumb":{"@id":"https:\/\/masvalenti1511.com\/cat\/politica-de-cookies\/#breadcrumb"},"inLanguage":"ca","potentialAction":[{"@type":"ReadAction","target":["https:\/\/masvalenti1511.com\/cat\/politica-de-cookies\/"]}]},{"@type":"BreadcrumbList","@id":"https:\/\/masvalenti1511.com\/cat\/politica-de-cookies\/#breadcrumb","itemListElement":[{"@type":"ListItem","position":1,"name":"Portada","item":"https:\/\/masvalenti1511.com\/cat\/"},{"@type":"ListItem","position":2,"name":"Pol\u00edtica de cookies"}]},{"@type":"WebSite","@id":"https:\/\/masvalenti1511.com\/cat\/#website","url":"https:\/\/masvalenti1511.com\/cat\/","name":"Mas Valent\u00ed 1511 Catal\u00e1n","description":"Mas Valent\u00ed - Costa Brava","publisher":{"@id":"https:\/\/masvalenti1511.com\/cat\/#organization"},"potentialAction":[{"@type":"SearchAction","target":{"@type":"EntryPoint","urlTemplate":"https:\/\/masvalenti1511.com\/cat\/?s={search_term_string}"},"query-input":{"@type":"PropertyValueSpecification","valueRequired":true,"valueName":"search_term_string"}}],"inLanguage":"ca"},{"@type":"Organization","@id":"https:\/\/masvalenti1511.com\/cat\/#organization","name":"Mas Valent\u00ed 1511 Catal\u00e1n","url":"https:\/\/masvalenti1511.com\/cat\/","logo":{"@type":"ImageObject","inLanguage":"ca","@id":"https:\/\/masvalenti1511.com\/cat\/#\/schema\/logo\/image\/","url":"https:\/\/masvalenti1511.com\/cat\/wp-content\/uploads\/sites\/2\/cropped-Logo1_MV1511_web.png","contentUrl":"https:\/\/masvalenti1511.com\/cat\/wp-content\/uploads\/sites\/2\/cropped-Logo1_MV1511_web.png","width":150,"height":150,"caption":"Mas Valent\u00ed 1511 Catal\u00e1n"},"image":{"@id":"https:\/\/masvalenti1511.com\/cat\/#\/schema\/logo\/image\/"}}]}},"_links":{"self":[{"href":"https:\/\/masvalenti1511.com\/cat\/wp-json\/wp\/v2\/pages\/33","targetHints":{"allow":["GET"]}}],"collection":[{"href":"https:\/\/masvalenti1511.com\/cat\/wp-json\/wp\/v2\/pages"}],"about":[{"href":"https:\/\/masvalenti1511.com\/cat\/wp-json\/wp\/v2\/types\/page"}],"author":[{"embeddable":true,"href":"https:\/\/masvalenti1511.com\/cat\/wp-json\/wp\/v2\/users\/1"}],"replies":[{"embeddable":true,"href":"https:\/\/masvalenti1511.com\/cat\/wp-json\/wp\/v2\/comments?post=33"}],"version-history":[{"count":0,"href":"https:\/\/masvalenti1511.com\/cat\/wp-json\/wp\/v2\/pages\/33\/revisions"}],"wp:attachment":[{"href":"https:\/\/masvalenti1511.com\/cat\/wp-json\/wp\/v2\/media?parent=33"}],"curies":[{"name":"wp","href":"https:\/\/api.w.org\/{rel}","templated":true}]}}